{"id":98,"date":"2020-08-19T16:31:00","date_gmt":"2020-08-19T14:31:00","guid":{"rendered":"https:\/\/bureaudesfilles.com\/sabine-pakora-sorcieres-et-cie\/?page_id=98"},"modified":"2020-09-07T09:58:54","modified_gmt":"2020-09-07T07:58:54","slug":"calendrier","status":"publish","type":"page","link":"https:\/\/bureaudesfilles.com\/sabine-pakora-sorcieres-et-cie\/calendrier\/","title":{"rendered":"Calendrier"},"content":{"rendered":"<div class=\"mec-wrap mec-skin-list-container  \" id=\"mec_skin_75\">\r\n    \r\n    <div id=\"mec_search_form_75\" class=\"mec-search-form mec-totalcal-box\"><div class=\"mec-dropdown-wrap\"><div class=\"mec-dropdown-search\">\r\n                    <i class=\"mec-sl-folder\"><\/i><select  name='' id='mec_sf_category_75' class='postform'>\n\t<option value='' selected='selected'>Saison<\/option>\n\t<option class=\"level-0\" value=\"18\">Saison 2026\/2027<\/option>\n<\/select>\n<\/div><div class=\"mec-dropdown-search\">\r\n                    <i class=\"mec-sl-pin\"><\/i><select  name='' id='mec_sf_label_75' class='postform'>\n\t<option value='' selected='selected'>Par Spectacle<\/option>\n\t<option class=\"level-0\" value=\"19\">Noires Soeurs, chronique d\u2019une famille d\u00e9compos\u00e9e<\/option>\n<\/select>\n<\/div><\/div><\/div>\r\n            <div class=\"mec-skin-list-events-container\" id=\"mec_skin_events_75\">\r\n        <div class=\"mec-wrap colorskin-custom\">\r\n\t<div class=\"mec-event-list-classic\">\r\n\t\t\r\n            \r\n\r\n            \t\t\t\t\t\t\t<!-- JPE modificacion mordern theme afiche  -->\r\n            <article data-style=\"\" class=\"mec-event-article mec-clear  mec-divider-toggle mec-toggle-202610-75\" itemscope>\r\n                                    <div class=\"mec-event-image\"><a data-event-id=\"440\" href=\"https:\/\/www.paris.fr\/evenements\/fragments-14-noires-soeurs-chronique-d-une-famille-decomposee-la-chasse-au-lapin-116927\"><img decoding=\"async\" width=\"150\" height=\"150\" src=\"https:\/\/bureaudesfilles.com\/sabine-pakora-sorcieres-et-cie\/wp-content\/uploads\/sites\/9\/2026\/09\/photo_2024-07-24_08-47-30-3-e1788519210567-150x150.jpg\" class=\"attachment-thumbnail size-thumbnail wp-post-image\" alt=\"\" data-mec-postid=\"440\" srcset=\"https:\/\/bureaudesfilles.com\/sabine-pakora-sorcieres-et-cie\/wp-content\/uploads\/sites\/9\/2026\/09\/photo_2024-07-24_08-47-30-3-e1788519210567-150x150.jpg 150w, https:\/\/bureaudesfilles.com\/sabine-pakora-sorcieres-et-cie\/wp-content\/uploads\/sites\/9\/2026\/09\/photo_2024-07-24_08-47-30-3-e1788519210567-300x300.jpg 300w, https:\/\/bureaudesfilles.com\/sabine-pakora-sorcieres-et-cie\/wp-content\/uploads\/sites\/9\/2026\/09\/photo_2024-07-24_08-47-30-3-e1788519210567-350x350.jpg 350w, https:\/\/bureaudesfilles.com\/sabine-pakora-sorcieres-et-cie\/wp-content\/uploads\/sites\/9\/2026\/09\/photo_2024-07-24_08-47-30-3-e1788519210567-348x348.jpg 348w, https:\/\/bureaudesfilles.com\/sabine-pakora-sorcieres-et-cie\/wp-content\/uploads\/sites\/9\/2026\/09\/photo_2024-07-24_08-47-30-3-e1788519210567.jpg 590w\" sizes=\"(max-width: 150px) 100vw, 150px\" \/><\/a><\/div>\r\n\t\t\t\t\t\t\t\t\t\t<h4 class=\"mec-event-title\"><a class=\"mec-color-hover\" data-event-id=\"440\" href=\"https:\/\/www.paris.fr\/evenements\/fragments-14-noires-soeurs-chronique-d-une-famille-decomposee-la-chasse-au-lapin-116927\">Noires soeurs, chronique d&rsquo;une famille d\u00e9compos\u00e9e &#8211; Festival Fragments #14<\/a><\/h4>\r\n\t\t\t\t\t\t\t\t\t\t<div class=\"mec-event-organizer\"><\/div>\r\n                    \t\t\t\t\t\t\t\t\t\t\t\t<div class=\"mec-event-date mec-color\"><\/i> <span class=\"mec-start-date-label\" itemprop=\"startDate\">15 - 16<\/span>\t\t\t\t\t\t\t\t\t\t\t\t<span class=\"mec-start-date-label\" itemprop=\"startDate\">octobre 2026<\/span><\/div>\r\n\r\n                                        <div class=\"mec-event-detail\"><i class=\"mec-sl-map-marker\"><\/i><a class=\"mec-color-hover\" data-event-id=\"440\" href=\"https:\/\/www.paris.fr\/evenements\/fragments-14-noires-soeurs-chronique-d-une-famille-decomposee-la-chasse-au-lapin-116927\">\r\n\t\t\t\t\t\t\t\t\t\t\tLe Grand Parquet, Paris<\/a><\/div>\r\n\t\t\t\t\t\t                <\/article>\r\n            \t\t\t<\/div>\r\n<\/div>\r\n\r\n    <\/div>\r\n    <div class=\"mec-skin-list-no-events-container mec-util-hidden\" id=\"mec_skin_no_events_75\">\r\n        Pas d'\u00e9v\u00e9nement actuellement programm\u00e9.    <\/div>\r\n        \r\n        \r\n<\/div>\n","protected":false},"excerpt":{"rendered":"","protected":false},"author":1,"featured_media":0,"parent":0,"menu_order":0,"comment_status":"closed","ping_status":"closed","template":"","meta":{"footnotes":"","_links_to":"","_links_to_target":""},"class_list":["post-98","page","type-page","status-publish","hentry"],"_links":{"self":[{"href":"https:\/\/bureaudesfilles.com\/sabine-pakora-sorcieres-et-cie\/wp-json\/wp\/v2\/pages\/98","targetHints":{"allow":["GET"]}}],"collection":[{"href":"https:\/\/bureaudesfilles.com\/sabine-pakora-sorcieres-et-cie\/wp-json\/wp\/v2\/pages"}],"about":[{"href":"https:\/\/bureaudesfilles.com\/sabine-pakora-sorcieres-et-cie\/wp-json\/wp\/v2\/types\/page"}],"author":[{"embeddable":true,"href":"https:\/\/bureaudesfilles.com\/sabine-pakora-sorcieres-et-cie\/wp-json\/wp\/v2\/users\/1"}],"replies":[{"embeddable":true,"href":"https:\/\/bureaudesfilles.com\/sabine-pakora-sorcieres-et-cie\/wp-json\/wp\/v2\/comments?post=98"}],"version-history":[{"count":2,"href":"https:\/\/bureaudesfilles.com\/sabine-pakora-sorcieres-et-cie\/wp-json\/wp\/v2\/pages\/98\/revisions"}],"predecessor-version":[{"id":100,"href":"https:\/\/bureaudesfilles.com\/sabine-pakora-sorcieres-et-cie\/wp-json\/wp\/v2\/pages\/98\/revisions\/100"}],"wp:attachment":[{"href":"https:\/\/bureaudesfilles.com\/sabine-pakora-sorcieres-et-cie\/wp-json\/wp\/v2\/media?parent=98"}],"curies":[{"name":"wp","href":"https:\/\/api.w.org\/{rel}","templated":true}]}}