{"id":358,"date":"2024-09-19T17:47:40","date_gmt":"2024-09-19T15:47:40","guid":{"rendered":"https:\/\/bureaudesfilles.com\/ludmilla-dabo-cie-libomna\/?post_type=portfolio&#038;p=358"},"modified":"2026-04-07T14:15:40","modified_gmt":"2026-04-07T12:15:40","slug":"musiques-en-heritage","status":"publish","type":"portfolio","link":"https:\/\/bureaudesfilles.com\/ludmilla-dabo-cie-libomna\/spectacles\/musiques-en-heritage\/","title":{"rendered":"Musiques en h\u00e9ritage"},"content":{"rendered":"<div class=\"wpb-content-wrapper\"><p>[vc_row][vc_column width=\u00a0\u00bb1\/2&Prime;][vc_column_text uncode_shortcode_id=\u00a0\u00bb179913&Prime;]<em>C\u2019est comme une veill\u00e9e autour d\u2019un feu de camp, un moment propice pour raconter des histoires. Mais avec Ludmilla Dabo, c\u2019est sur sc\u00e8ne que le feu cr\u00e9pite et ce sont des \u00e9tincelles musicales qui jaillissent de la m\u00e9moire des six interpr\u00e8tes.<\/em><\/p>\n<p>Des musiciens aguerris, des com\u00e9diennes chevronn\u00e9es mais aussi attention une vraie chanteuse de salle de bains. Tout le monde est invit\u00e9 \u00e0 partager sa \u00ab\u202fcompilation\u202f\u00bb personnelle, \u00e0 plonger dans sa m\u00e9moire musicale\u2009! \u00c0 travers les airs d\u2019enfance qui les ont fa\u00e7onn\u00e9s, les rythmes ent\u00eatants transmis de g\u00e9n\u00e9ration en g\u00e9n\u00e9ration, qu\u2019ils viennent du S\u00e9n\u00e9gal, du Cameroun, de la R\u00e9union, de Bretagne ou de la pure vari\u00e9t\u00e9 fran\u00e7aise, ces sons les racontent et les d\u00e9bordent, entrent en collision les uns avec les autres et sont repris collectivement pour devenir la bande originale de nos identit\u00e9s, de nos histoires familiales, professionnelles, amoureuses, r\u00e9elles ou fantasm\u00e9es. Au carrefour du th\u00e9\u00e2tre et du concert, un tour de chant en forme d\u2019enqu\u00eate, jalonn\u00e9 de mix et de remix, comme les histoires qui se transforment \u00e0 force d\u2019\u00eatre r\u00e9interpr\u00e9t\u00e9es. Des musiques tant\u00f4t l\u00e9g\u00e8res, tant\u00f4t graves, transmises le temps d\u2019une soir\u00e9e pour mieux poursuivre leur route au creux de nos oreilles une fois les micros coup\u00e9s.[\/vc_column_text][vc_column_text uncode_shortcode_id=\u00a0\u00bb202360&Prime;]\u00c9criture et mise en sc\u00e8ne : <strong>Ludmilla Dabo<\/strong><br \/>\nAvec <strong>Anthony Capelli, Ludmilla Dabo, Louis Jeffroy, Kaloune, Gilles Normand, \u00c9lise Vigier<\/strong><br \/>\nMusique : <strong>composition collective<\/strong><br \/>\nAssistanat \u00e0 la mise en sc\u00e8ne : <strong>Marie Desgranges<\/strong><br \/>\nLumi\u00e8res : <strong>Kevin Briard assist\u00e9 de Hannah Kircher<\/strong><br \/>\nSon : <strong>Alexandre Borgia et Patrick Da Silva <\/strong><br \/>\nR\u00e9gie g\u00e9n\u00e9rale et accessoires : <strong>Hannah Kircher<\/strong><br \/>\nCostumes : <strong>Alma Bousquet<\/strong>[\/vc_column_text][vc_separator sep_color=\u00a0\u00bb\u00a0\u00bb uncode_shortcode_id=\u00a0\u00bb175502&Prime;][vc_column_text uncode_shortcode_id=\u00a0\u00bb813294&Prime;]<strong>Production<\/strong> Compagnie Libomna, V\u00e9ronique Felenbok, le Bureau des Filles*<br \/>\n<strong>Administration <\/strong>Marion Arteil<br \/>\n<strong>Diffusion<\/strong> Carol Gionda<br \/>\n<strong>Presse<\/strong> Elektronlibre \u2013 Olivier Saksik<\/p>\n<p><strong>En coproduction avec<\/strong> la Com\u00e9die de Caen, le Th\u00e9\u00e2tre de Saint-Quentin-en-Yvelines \u2013 sc\u00e8ne nationale, le Th\u00e9\u00e2tre S\u00e9nart \u2013 sc\u00e8ne nationale, la Machinerie-V\u00e9nissieux \u2013 sc\u00e8ne conventionn\u00e9e d\u2019Int\u00e9r\u00eat National et la Ferme du Buisson<\/p>\n<p><strong>Avec l&rsquo;aide de<\/strong> MC93<\/p>\n<p><strong>En cor\u00e9alisation avec<\/strong> le Th\u00e9\u00e2tre de la Temp\u00eate<\/p>\n<p>Action financ\u00e9e par la r\u00e9gion Ile-de-France[\/vc_column_text][\/vc_column][vc_column width=\u00a0\u00bb1\/2&Prime;][vc_tabs][vc_tab gutter_size=\u00a0\u00bb2&Prime; column_padding=\u00a0\u00bb2&Prime; title=\u00a0\u00bbCALENDRIER\u00a0\u00bb tab_id=\u00a0\u00bb1726760485-1-76&Prime;][vc_column_text uncode_shortcode_id=\u00a0\u00bb819068&Prime;]<strong>CR\u00c9ATION 2026<\/strong><\/p>\n<p>&gt; <strong>du 6 au 24 mai<\/strong> &#8211; Th\u00e9\u00e2tre de la Temp\u00eate, <em>Paris<\/em>[\/vc_column_text][\/vc_tab][vc_tab gutter_size=\u00a0\u00bb2&Prime; column_padding=\u00a0\u00bb2&Prime; title=\u00a0\u00bbDOSSIER\u00a0\u00bb tab_id=\u00a0\u00bb1726760485-2-23&Prime; link=\u00a0\u00bburl:https%3A%2F%2Fbureaudesfilles.com%2Fludmilla-dabo-cie-libomna%2Fwp-content%2Fuploads%2Fsites%2F3%2F2024%2F09%2FDossier-Musiques-en-heritage-sept-24.pdf\u00a0\u00bb][vc_button button_color=\u00a0\u00bbaccent\u00a0\u00bb radius=\u00a0\u00bbbtn-round\u00a0\u00bb border_width=\u00a0\u00bb0&Prime; link=\u00a0\u00bburl:https%3A%2F%2Fbureaudesfilles.com%2Fludmilla-dabo-cie-libomna%2Fwp-content%2Fuploads%2Fsites%2F3%2F2026%2F04%2FDossier-Musiques-en-heritage-avril-2026-et-presse.pdf\u00a0\u00bb button_color_type=\u00a0\u00bbuncode-palette\u00a0\u00bb uncode_shortcode_id=\u00a0\u00bb505443&Prime;]T\u00e9l\u00e9charger le dossier[\/vc_button][\/vc_tab][vc_tab gutter_size=\u00a0\u00bb2&Prime; column_padding=\u00a0\u00bb2&Prime; title=\u00a0\u00bbDATES PASS\u00c9ES\u00a0\u00bb tab_id=\u00a0\u00bb1726760485-1-768&Prime;][vc_column_text uncode_shortcode_id=\u00a0\u00bb102786&Prime;]<strong>CR\u00c9ATION 2026<\/strong><\/p>\n<p>&gt; <strong>les 19 et 20 mars \u00e0 20h30<\/strong> &#8211; Ferme de Bel Ebat, <em>Guyancourt<\/em><\/p>\n<p>&gt; <strong>du 31 mars au 2 avril<\/strong> &#8211; Th\u00e9\u00e2tre S\u00e9nart, <em>Lieusaint<\/em>[\/vc_column_text][\/vc_tab][\/vc_tabs][vc_gallery el_id=\u00a0\u00bbgallery-160079&Prime; medias=\u00a0\u00bb433,428,426,427,429,430&Prime; gutter_size=\u00a0\u00bb3&Prime; screen_lg=\u00a0\u00bb\u00a0\u00bb screen_md=\u00a0\u00bb\u00a0\u00bb screen_sm=\u00a0\u00bb\u00a0\u00bb single_overlay_opacity=\u00a0\u00bb50&Prime; single_padding=\u00a0\u00bb2&Prime; uncode_shortcode_id=\u00a0\u00bb539215&Prime;][\/vc_column][\/vc_row]<\/p>\n<\/div>","protected":false},"excerpt":{"rendered":"<p>[vc_row][vc_column width=\u00a0\u00bb1\/2&Prime;][vc_column_text uncode_shortcode_id=\u00a0\u00bb179913&Prime;]C\u2019est comme une veill\u00e9e autour d\u2019un feu de camp, un moment propice pour raconter des histoires. Mais avec [&hellip;]<\/p>\n","protected":false},"author":3,"featured_media":425,"parent":0,"menu_order":2,"comment_status":"closed","ping_status":"closed","template":"","meta":{"footnotes":"","_links_to":"","_links_to_target":""},"portfolio_category":[],"class_list":["post-358","portfolio","type-portfolio","status-publish","has-post-thumbnail","hentry"],"_links":{"self":[{"href":"https:\/\/bureaudesfilles.com\/ludmilla-dabo-cie-libomna\/wp-json\/wp\/v2\/portfolio\/358","targetHints":{"allow":["GET"]}}],"collection":[{"href":"https:\/\/bureaudesfilles.com\/ludmilla-dabo-cie-libomna\/wp-json\/wp\/v2\/portfolio"}],"about":[{"href":"https:\/\/bureaudesfilles.com\/ludmilla-dabo-cie-libomna\/wp-json\/wp\/v2\/types\/portfolio"}],"author":[{"embeddable":true,"href":"https:\/\/bureaudesfilles.com\/ludmilla-dabo-cie-libomna\/wp-json\/wp\/v2\/users\/3"}],"replies":[{"embeddable":true,"href":"https:\/\/bureaudesfilles.com\/ludmilla-dabo-cie-libomna\/wp-json\/wp\/v2\/comments?post=358"}],"version-history":[{"count":14,"href":"https:\/\/bureaudesfilles.com\/ludmilla-dabo-cie-libomna\/wp-json\/wp\/v2\/portfolio\/358\/revisions"}],"predecessor-version":[{"id":435,"href":"https:\/\/bureaudesfilles.com\/ludmilla-dabo-cie-libomna\/wp-json\/wp\/v2\/portfolio\/358\/revisions\/435"}],"wp:featuredmedia":[{"embeddable":true,"href":"https:\/\/bureaudesfilles.com\/ludmilla-dabo-cie-libomna\/wp-json\/wp\/v2\/media\/425"}],"wp:attachment":[{"href":"https:\/\/bureaudesfilles.com\/ludmilla-dabo-cie-libomna\/wp-json\/wp\/v2\/media?parent=358"}],"wp:term":[{"taxonomy":"portfolio_category","embeddable":true,"href":"https:\/\/bureaudesfilles.com\/ludmilla-dabo-cie-libomna\/wp-json\/wp\/v2\/portfolio_category?post=358"}],"curies":[{"name":"wp","href":"https:\/\/api.w.org\/{rel}","templated":true}]}}