{"id":292,"date":"2022-03-24T15:26:42","date_gmt":"2022-03-24T14:26:42","guid":{"rendered":"https:\/\/bureaudesfilles.com\/ludmilla-dabo-cie-volcano-song\/?post_type=portfolio&#038;p=292"},"modified":"2023-10-18T10:01:36","modified_gmt":"2023-10-18T08:01:36","slug":"vive-le-sujet-avignon-202","status":"publish","type":"portfolio","link":"https:\/\/bureaudesfilles.com\/ludmilla-dabo-cie-libomna\/spectacles\/vive-le-sujet-avignon-202\/","title":{"rendered":"Ce n&rsquo;est qu&rsquo;une histoire de balances &#8211; Vive le Sujet !"},"content":{"rendered":"<div class=\"wpb-content-wrapper\"><p>[vc_row unlock_row_content=\u00a0\u00bbyes\u00a0\u00bb row_height_percent=\u00a0\u00bb50&Prime; override_padding=\u00a0\u00bbyes\u00a0\u00bb h_padding=\u00a0\u00bb0&Prime; top_padding=\u00a0\u00bb0&Prime; bottom_padding=\u00a0\u00bb0&Prime; overlay_alpha=\u00a0\u00bb50&Prime; equal_height=\u00a0\u00bbyes\u00a0\u00bb gutter_size=\u00a0\u00bb2&Prime; column_width_percent=\u00a0\u00bb100&Prime; shift_y=\u00a0\u00bb0&Prime; z_index=\u00a0\u00bb0&Prime; inverted_device_order=\u00a0\u00bbyes\u00a0\u00bb][vc_column column_width_percent=\u00a0\u00bb100&Prime; gutter_size=\u00a0\u00bb3&Prime; override_padding=\u00a0\u00bbyes\u00a0\u00bb column_padding=\u00a0\u00bb2&Prime; overlay_alpha=\u00a0\u00bb50&Prime; shift_x=\u00a0\u00bb0&Prime; shift_y=\u00a0\u00bb0&Prime; shift_y_down=\u00a0\u00bb0&Prime; z_index=\u00a0\u00bb0&Prime; medium_width=\u00a0\u00bb0&Prime; mobile_width=\u00a0\u00bb0&Prime; width=\u00a0\u00bb1\/2&Prime;][vc_column_text uncode_shortcode_id=\u00a0\u00bb178855&Prime;]Que repr\u00e9sente le d\u00e9s\u00e9quilibre pour \u00ab soi \u00bb? Dans la vie ? Dans le corps ? Dans l&rsquo;environnement qui entoure ce \u00ab soi \u00bb? Quels signes de d\u00e9s\u00e9quilibre remarquer dans notre entourage, dans nos rapports sociaux, dans l&rsquo;actualit\u00e9 qui nous entoure ?<\/p>\n<p>Blade MC AliMBaye est rappeur, beat boxeur, chanteur, com\u00e9dien, danseur et po\u00e8te franco s\u00e9n\u00e9galais. Ashtar Muallem pratique le tissu et est \u00e9galement contorsionniste, com\u00e9dienne, chanteuse, danseuse, autrice palestinienne. Tous deux, se d\u00e9finissent comme pluridisciplinaires.<\/p>\n<p>Moi je ne suis pas s\u00fbre de ce que je suis.<\/p>\n<p>D&rsquo;o\u00f9 cet endroit de questionnement autour du d\u00e9s\u00e9quilibre qui me taraude : Suis-je capable de me d\u00e9finir clairement ? Suis-je capable de faire tout ce qui me d\u00e9finit ? Quel est ce tout ? Pourquoi ne suis-je pas s\u00fbre de ce qui le constitue ? Pourquoi ce d\u00e9s\u00e9quilibre d\u00e9nominatif m&rsquo;habite ? A quel(s) endroit(s) pourrait-il habiter mes deux acolytes ?<\/p>\n<p>En partant de nos \u00ab\u00a0agr\u00e8s\u00a0\u00bb principaux, la musique pour Blade, le cirque \u00e0 travers le tissu a\u00e9rien pour Ashtar, la voix pour moi, nous confronterons, emprunterons, \u00e9changerons \u00e0 travers ces agr\u00e8s pour \u00e9crire une histoire du d\u00e9s\u00e9quilibre qui nous est commune \u00e0 tous les trois.<\/p>\n<p>&nbsp;<\/p>\n<p><strong>Texte et mise en sc\u00e8ne<\/strong> Ludmilla Dabo<\/p>\n<p><strong>Musique<\/strong> Blade AliMBaye et Ludmilla Dabo<\/p>\n<p><strong>Tissu<\/strong> Ashtar Muallem<\/p>\n<p><strong>Avec<\/strong> Ashtar Muallem, Blade AliMBaye, Ludmilla Dabo<\/p>\n<p><strong>\u00ab\u00a0Vive le Sujet !\u00a0\u00bb est une commande de la SACD \/ Festival d&rsquo;Avignon In\u00a0<\/strong><\/p>\n<p><strong>Coproduction<\/strong>\u00a0Festival d&rsquo;Avignon, Com\u00e9die de Caen<\/p>\n<p><strong>Avec le soutien<\/strong> du Plus Petit Cirque du Monde &#8211; Bagneux, Espaces P\u00e9riph\u00e9riques &#8211; Paris Villette, Th\u00e9\u00e2tre du Champ au Roy &#8211; Guingamp<\/p>\n<p>Avec le soutien de la Spedidam<\/p>\n<p>Cr\u00e9dits photo : Christophe Raynaud Delage, Blade AliMBaye<\/p>\n<p>&nbsp;<\/p>\n<p><img decoding=\"async\" class=\"alignright\" src=\"https:\/\/spedidam.fr\/wp-content\/uploads\/2018\/10\/SPEDIDAM-LOGO-2017.png\" width=\"156\" height=\"74\" \/>[\/vc_column_text][\/vc_column][vc_column column_width_percent=\u00a0\u00bb100&Prime; gutter_size=\u00a0\u00bb3&Prime; override_padding=\u00a0\u00bbyes\u00a0\u00bb column_padding=\u00a0\u00bb0&Prime; back_color=\u00a0\u00bbcolor-gyho\u00a0\u00bb overlay_alpha=\u00a0\u00bb50&Prime; shift_x=\u00a0\u00bb0&Prime; shift_y=\u00a0\u00bb0&Prime; shift_y_down=\u00a0\u00bb0&Prime; z_index=\u00a0\u00bb0&Prime; medium_width=\u00a0\u00bb0&Prime; mobile_width=\u00a0\u00bb0&Prime; width=\u00a0\u00bb1\/2&Prime;][vc_tabs el_class=\u00a0\u00bbborde\u00a0\u00bb][vc_tab title=\u00a0\u00bbDATES\u00a0\u00bb tab_id=\u00a0\u00bb1593694331-1-337f26-0f52&Prime;][vc_column_text uncode_shortcode_id=\u00a0\u00bb115040&Prime;]Du 8 au 14 juillet au Jardin de la Vierge du Lyc\u00e9e Saint-Joseph<\/p>\n<p><a href=\"https:\/\/festival-avignon.com\/fr\/edition-2022\/programmation\/ce-n-est-qu-une-histoire-de-balances-194376\">Billetterie\/en savoir plus<\/a>[\/vc_column_text][\/vc_tab][\/vc_tabs][vc_gallery el_id=\u00a0\u00bbgallery-176468&Prime; type=\u00a0\u00bbcarousel\u00a0\u00bb random=\u00a0\u00bbyes\u00a0\u00bb medias=\u00a0\u00bb311,312,313,314&Prime; carousel_lg=\u00a0\u00bb3&Prime; carousel_md=\u00a0\u00bb2&Prime; carousel_sm=\u00a0\u00bb1&Prime; thumb_size=\u00a0\u00bbfour-three\u00a0\u00bb gutter_size=\u00a0\u00bb0&Prime; carousel_interval=\u00a0\u00bb3000&Prime; carousel_navspeed=\u00a0\u00bb400&Prime; carousel_loop=\u00a0\u00bbyes\u00a0\u00bb carousel_nav=\u00a0\u00bbyes\u00a0\u00bb stage_padding=\u00a0\u00bb0&Prime; single_back_color=\u00a0\u00bbcolor-jevc\u00a0\u00bb single_overlay_opacity=\u00a0\u00bb37&Prime; single_padding=\u00a0\u00bb0&Prime; uncode_shortcode_id=\u00a0\u00bb112105&Prime;][vc_separator sep_color=\u00a0\u00bbcolor-lxmt\u00a0\u00bb el_height=\u00a0\u00bb5px\u00a0\u00bb][\/vc_column][\/vc_row]<\/p>\n<\/div>","protected":false},"excerpt":{"rendered":"<p>[vc_row unlock_row_content=\u00a0\u00bbyes\u00a0\u00bb row_height_percent=\u00a0\u00bb50&Prime; override_padding=\u00a0\u00bbyes\u00a0\u00bb h_padding=\u00a0\u00bb0&Prime; top_padding=\u00a0\u00bb0&Prime; bottom_padding=\u00a0\u00bb0&Prime; overlay_alpha=\u00a0\u00bb50&Prime; equal_height=\u00a0\u00bbyes\u00a0\u00bb gutter_size=\u00a0\u00bb2&Prime; column_width_percent=\u00a0\u00bb100&Prime; shift_y=\u00a0\u00bb0&Prime; z_index=\u00a0\u00bb0&Prime; inverted_device_order=\u00a0\u00bbyes\u00a0\u00bb][vc_column column_width_percent=\u00a0\u00bb100&Prime; gutter_size=\u00a0\u00bb3&Prime; override_padding=\u00a0\u00bbyes\u00a0\u00bb column_padding=\u00a0\u00bb2&Prime; overlay_alpha=\u00a0\u00bb50&Prime; shift_x=\u00a0\u00bb0&Prime; [&hellip;]<\/p>\n","protected":false},"author":3,"featured_media":311,"parent":0,"menu_order":3,"comment_status":"closed","ping_status":"closed","template":"","meta":{"footnotes":"","_links_to":"","_links_to_target":""},"portfolio_category":[],"class_list":["post-292","portfolio","type-portfolio","status-publish","has-post-thumbnail","hentry"],"_links":{"self":[{"href":"https:\/\/bureaudesfilles.com\/ludmilla-dabo-cie-libomna\/wp-json\/wp\/v2\/portfolio\/292","targetHints":{"allow":["GET"]}}],"collection":[{"href":"https:\/\/bureaudesfilles.com\/ludmilla-dabo-cie-libomna\/wp-json\/wp\/v2\/portfolio"}],"about":[{"href":"https:\/\/bureaudesfilles.com\/ludmilla-dabo-cie-libomna\/wp-json\/wp\/v2\/types\/portfolio"}],"author":[{"embeddable":true,"href":"https:\/\/bureaudesfilles.com\/ludmilla-dabo-cie-libomna\/wp-json\/wp\/v2\/users\/3"}],"replies":[{"embeddable":true,"href":"https:\/\/bureaudesfilles.com\/ludmilla-dabo-cie-libomna\/wp-json\/wp\/v2\/comments?post=292"}],"version-history":[{"count":13,"href":"https:\/\/bureaudesfilles.com\/ludmilla-dabo-cie-libomna\/wp-json\/wp\/v2\/portfolio\/292\/revisions"}],"predecessor-version":[{"id":342,"href":"https:\/\/bureaudesfilles.com\/ludmilla-dabo-cie-libomna\/wp-json\/wp\/v2\/portfolio\/292\/revisions\/342"}],"wp:featuredmedia":[{"embeddable":true,"href":"https:\/\/bureaudesfilles.com\/ludmilla-dabo-cie-libomna\/wp-json\/wp\/v2\/media\/311"}],"wp:attachment":[{"href":"https:\/\/bureaudesfilles.com\/ludmilla-dabo-cie-libomna\/wp-json\/wp\/v2\/media?parent=292"}],"wp:term":[{"taxonomy":"portfolio_category","embeddable":true,"href":"https:\/\/bureaudesfilles.com\/ludmilla-dabo-cie-libomna\/wp-json\/wp\/v2\/portfolio_category?post=292"}],"curies":[{"name":"wp","href":"https:\/\/api.w.org\/{rel}","templated":true}]}}