{"id":107,"date":"2020-07-02T18:00:27","date_gmt":"2020-07-02T16:00:27","guid":{"rendered":"https:\/\/bureaudesfilles.com\/cie-beina-sarah-m\/?page_id=107"},"modified":"2025-04-09T13:08:44","modified_gmt":"2025-04-09T11:08:44","slug":"la-compagnie","status":"publish","type":"page","link":"https:\/\/bureaudesfilles.com\/cie-beina-sarah-m\/la-compagnie\/","title":{"rendered":"La Compagnie"},"content":{"rendered":"<div class=\"wpb-content-wrapper\"><p>[vc_row][vc_column width=\u00a0\u00bb1\/1&Prime;][vc_column_text uncode_shortcode_id=\u00a0\u00bb154504&Prime;]<strong>COMPAGNIE BE\u00efNA | SARAH M.<\/strong><\/p>\n<p>Sarah M. est autrice, metteuse en sc\u00e8ne et directrice de la compagnie Be\u00efna.<br \/>\nApr\u00e8s sa formation litt\u00e9raire \u00e0 la Sorbonne Nouvelle et \u00e0 l\u2019\u00c9cole Normale Sup\u00e9rieure, elle int\u00e8gre la classe d\u2019art dramatique de Sylvie Debrun au CRR 93. Elle suit \u00e9galement l\u2019enseignement de Claire Heggen et Yves Marc au Th\u00e9\u00e2tre du Mouvement.<\/p>\n<p>Son \u00e9criture est intrins\u00e8quement li\u00e9e \u00e0 de multiples formes de d\u00e9placements, de voyages, de travers\u00e9es. C\u2019est la pluralit\u00e9 de ces allers-retours entre la g\u00e9ographie politique et la g\u00e9ologie intime qu\u2019elle aime amener au th\u00e9\u00e2tre et exp\u00e9rimenter avec les artistes qu\u2019elle rencontre, de cr\u00e9ation en cr\u00e9ation.<\/p>\n<p>En 2016, elle s&rsquo;engage avec sa compagnie dans un cycle de cr\u00e9ations relevant les ombres que la grande Histoire porte sur nos vies sur les deux rives de la M\u00e9diterran\u00e9e. Son premier spectacle, <em>Du sable &amp; des Playmobil\u00ae\u00a0\u2013 Fragment d\u2019une guerre d\u2019Alg\u00e9rie<\/em>, creuse la violence des silences et la difficult\u00e9 de se reconstruire individuellement et collectivement sur les ruines falsifi\u00e9es d\u2019une histoire tue. Cr\u00e9\u00e9 en 2018, il est s\u00e9lectionn\u00e9 au festival Nanterre sur sc\u00e8ne.\u00a0Sa deuxi\u00e8me pi\u00e8ce,\u00a0<em>Notre sang n\u2019a pas l\u2019odeur du jasmin<\/em>, inspir\u00e9e par les soul\u00e8vements qui ont eu lieu en Tunisie en 2010\/2011, est laur\u00e9ate de la bourse Beaumarchais-SACD et de l&rsquo;aide \u00e0 la cr\u00e9ation ARTCENA. En 2021, elle est re\u00e7ue \u00e0 la Chartreuse &#8211; Centre National des \u00c9critures du Spectacle, pour \u00e9crire le troisi\u00e8me volet,\u00a0Amnesia.\u00a0Il sera cr\u00e9\u00e9 au Collectif 12 et programm\u00e9 \u00e0 La Temp\u00eate au printemps 2023.<\/p>\n<p>En parall\u00e8le de son travail avec la compagnie, elle \u00e9crit et cr\u00e9e des spectacles in situ :\u00a0TU.E.S\u00a0pour le Festival Lync\u00e9us en 2019 et\u00a0<em>Dans l\u2019ombre qui s\u2019\u00e9claire<\/em>\u00a0avec la Fabrique de Fictions \u00e0 Lom\u00e9 (Togo) en 2020. La m\u00eame ann\u00e9e, elle \u00e9crit son premier sc\u00e9nario,\u00a0FAMILY | \u0639\u0627\u0626\u0644\u0629.\u00a0Il est doublement s\u00e9lectionn\u00e9 au Festival International du Film d\u2019Aubagne 2020 par le dispositif du SiRAR (coup de c\u0153ur du jury) et les rencontres entre r\u00e9alisateurs et producteurs de l\u2019Espace Kiosk.<\/p>\n<p>Avec sa compagnie, elle devient artiste associ\u00e9e au Collectif 12 \u00e0 partir de septembre 2021.<\/p>\n<p>Passionn\u00e9e par la transmission et la p\u00e9dagogie, elle d\u00e9veloppe de nombreux projets de territoire et d\u2019enseignement artistique en Ile-de-France en partenariat avec l\u2019\u00c9changeur, le Collectif 12, le Th\u00e9\u00e2tre de la Temp\u00eate et le Festival Rumeurs Urbaines &#8211; Cie Le Temps de Vivre ainsi qu\u2019en Alsace o\u00f9 elle d\u00e9veloppe depuis trois ans un projet annuel de com\u00e9die musicale avec le compositeur Axel Nouveau.<\/p>\n<p>&nbsp;<\/p>\n<p><strong>LA COMPAGNIE BE\u00cfNA<\/strong><\/p>\n<p>La compagnie Be\u00efna est un espace de recherches et d\u2019aventures nourri par l\u2019\u00e9criture, l\u2019Histoire, les histoires et le jeu.<br \/>\nSes premi\u00e8res cr\u00e9ations s\u2019articulent autour de fictions \u00e9crites \u00e0 partir d\u2019enqu\u00eates, d\u2019archives et d\u2019entretiens de part et d\u2019autres de la M\u00e9diterran\u00e9e. Elles privil\u00e9gient le temps long de la recherche, indissociable d\u2019une aventure humaine et d\u2019un d\u00e9placement sans lesquels le th\u00e9\u00e2tre que nous cherchons ne peut advenir.<\/p>\n<p>Be\u00efna &#8211; \u0628\u064a\u0646 &#8211; signifie entre en arabe. Dans les deux langues, cette pr\u00e9position d\u00e9signe un intervalle, dans l\u2019espace ou dans le temps, qui s\u00e9pare (des lieux, des \u00e9poques, des personnes).<br \/>\nPour beaucoup c\u2019est dans cet entre que nous nous construisons : entre des pays, entre des langues, entre des cultures, entre des d\u00e9finitions\u2026<br \/>\nCet intervalle, cet entre, pourrait \u00eatre repr\u00e9sent\u00e9 par un fil tendu de part et d\u2019autre d\u2019une fronti\u00e8re sur lequel, dans un difficile num\u00e9ro d\u2019\u00e9quilibriste, nous essaierions de marcher.<br \/>\nEt si cet intervalle, loin de se mat\u00e9rialiser dans l\u2019inconfort et la rigidit\u00e9 d\u2019une corde, \u00e9tait un lieu pleinement habitable en perp\u00e9tuel mouvement ?<br \/>\nUn lieu non g\u00e9ographique o\u00f9 tourneraient en spirale des histoires d\u00e9sireuses d\u2019\u00eatre dites, transmises, \u00e9crites et c\u00e9l\u00e9br\u00e9es.<br \/>\nC\u2019est de ce sentiment que sont n\u00e9s nos premiers spectacles : <em>Du sable &amp; des Playmobil\u00ae &#8211; Fragment d\u2019une guerre d\u2019Alg\u00e9rie<\/em> (2018), <em>Notre sang n\u2019a pas l\u2019odeur du jasmin<\/em> (2020) et <em>Amnesia<\/em> (2023).<\/p>\n<p>Depuis septembre 2021, la compagnie Be\u00efna est associ\u00e9e au Collectif 12.<br \/>\nLa compagnie Be\u00efna est accompagn\u00e9e par le Bureau des Filles depuis septembre 2022.[\/vc_column_text][\/vc_column][\/vc_row]<\/p>\n<\/div>","protected":false},"excerpt":{"rendered":"<p>[vc_row][vc_column width=\u00a0\u00bb1\/1&Prime;][vc_column_text uncode_shortcode_id=\u00a0\u00bb154504&Prime;]COMPAGNIE BE\u00efNA | SARAH M. Sarah M. est autrice, metteuse en sc\u00e8ne et directrice de la compagnie Be\u00efna. [&hellip;]<\/p>\n","protected":false},"author":1,"featured_media":410,"parent":0,"menu_order":0,"comment_status":"closed","ping_status":"closed","template":"","meta":{"footnotes":"","_links_to":"","_links_to_target":""},"class_list":["post-107","page","type-page","status-publish","has-post-thumbnail","hentry"],"_links":{"self":[{"href":"https:\/\/bureaudesfilles.com\/cie-beina-sarah-m\/wp-json\/wp\/v2\/pages\/107","targetHints":{"allow":["GET"]}}],"collection":[{"href":"https:\/\/bureaudesfilles.com\/cie-beina-sarah-m\/wp-json\/wp\/v2\/pages"}],"about":[{"href":"https:\/\/bureaudesfilles.com\/cie-beina-sarah-m\/wp-json\/wp\/v2\/types\/page"}],"author":[{"embeddable":true,"href":"https:\/\/bureaudesfilles.com\/cie-beina-sarah-m\/wp-json\/wp\/v2\/users\/1"}],"replies":[{"embeddable":true,"href":"https:\/\/bureaudesfilles.com\/cie-beina-sarah-m\/wp-json\/wp\/v2\/comments?post=107"}],"version-history":[{"count":13,"href":"https:\/\/bureaudesfilles.com\/cie-beina-sarah-m\/wp-json\/wp\/v2\/pages\/107\/revisions"}],"predecessor-version":[{"id":664,"href":"https:\/\/bureaudesfilles.com\/cie-beina-sarah-m\/wp-json\/wp\/v2\/pages\/107\/revisions\/664"}],"wp:featuredmedia":[{"embeddable":true,"href":"https:\/\/bureaudesfilles.com\/cie-beina-sarah-m\/wp-json\/wp\/v2\/media\/410"}],"wp:attachment":[{"href":"https:\/\/bureaudesfilles.com\/cie-beina-sarah-m\/wp-json\/wp\/v2\/media?parent=107"}],"curies":[{"name":"wp","href":"https:\/\/api.w.org\/{rel}","templated":true}]}}